{"id":5500,"date":"2017-03-27T15:59:35","date_gmt":"2017-03-27T13:59:35","guid":{"rendered":"http:\/\/www.conceptio.cc\/?page_id=5500"},"modified":"2023-04-19T08:54:22","modified_gmt":"2023-04-19T06:54:22","slug":"education","status":"publish","type":"page","link":"https:\/\/conceptio.cc\/de\/education\/","title":{"rendered":"Culture &#038; Education"},"content":{"rendered":"<section class=\"wpb-content-wrapper\">[vc_row 0=&#8220;&#8220;][vc_column 0=&#8220;&#8220;][vc_single_image image=&#8220;5605&#8243; img_size=&#8220;full&#8220; alignment=&#8220;center&#8220;]<hr class=\"vertical-space1\">[\/vc_column][\/vc_row][vc_row 0=&#8220;&#8220;][vc_column 0=&#8220;&#8220;][vc_column_text 0=&#8220;&#8220;]\n<h3 style=\"text-align: center;\"><span style=\"color: #333399;\"><strong>\u201cWenn die Zivilisation unser \u201away of living\u2018 ist, dann ist Kultur unser \u201awhy of living\u2018 \u201c<\/strong><\/span><\/h3>\n<p style=\"text-align: center;\"><span style=\"color: #333399;\">(Prof. Quadbeck-Seeger)<\/span><\/p>\n[\/vc_column_text][vc_column_text 0=&#8220;&#8220;]\n<p style=\"text-align: left;\">Der Wert von Kunst und Kultur\u00a0f\u00fcr\u00a0unsere individuelle Entwicklung und unser gesellschaftliches Zusammenleben ist unbestritten.\u00a0Die Pflege dieser kulturpolitischen Aufgabe\u00a0ben\u00f6tigt enthusiastische Protagonisten und eine Vision, die es zu erhalten und an die n\u00e4chste Generation weiterzugeben gilt.<\/p>\n<p>So \u00a0produzieren wir in Zusammenarbeit\u00a0 mit zahlreichen\u00a0 Universit\u00e4ten, Veranstaltern und\u00a0 musikalischen Institutionen in aller Welt professionelle Bildungsprogramme \u2014\u00a0von\u00a0kulturpolitischen Seminaren auf EU-Ebene bis zu k\u00fcnstlerischen Austauschprogrammen f\u00fcr schulische und universit\u00e4re Ensembles und Produktionen.<\/p>\n<p>Auf\u00a0unserer eigenen B\u00fchne des <u><a href=\"http:\/\/www.andante.at\/\">Andante<\/a><\/u> in Wien erweitern wir\u00a0unsere kulturellen Produktionen zudem\u00a0um\u00a0eine Plattform f\u00fcr\u00a0kulinarische\u00a0Begegnungen.[\/vc_column_text][\/vc_column][\/vc_row][vc_row row_type=&#8220;1&#8243; blox_class=&#8220;baseline&#8220;][vc_column css=&#8220;.vc_custom_1491326766908{background-color: #333333 !important;}&#8220;][vc_wp_text 0=&#8220;&#8220;]\n<p style=\"text-align: center;\"><span style=\"color: #ffffff;\">\u00a9 CONCEPTIO NETWORK<\/span><br \/>\n<span style=\"color: #ffffff;\">A NETWORK FOR CULTURAL PRODUCTIONS<\/span><\/p>\n[\/vc_wp_text][\/vc_column][\/vc_row]\n<\/section>","protected":false},"excerpt":{"rendered":"<p>[vc_row 0=&#8220;&#8220;][vc_column 0=&#8220;&#8220;][vc_single_image image=&#8220;5605&#8243; img_size=&#8220;full&#8220; alignment=&#8220;center&#8220;][\/vc_column][\/vc_row][vc_row 0=&#8220;&#8220;][vc_column 0=&#8220;&#8220;][vc_column_text 0=&#8220;&#8220;] \u201cWenn die Zivilisation unser \u201away of living\u2018 ist, dann ist Kultur unser \u201awhy of living\u2018 \u201c (Prof. Quadbeck-Seeger) [\/vc_column_text][vc_column_text 0=&#8220;&#8220;] Der Wert von Kunst und Kultur\u00a0f\u00fcr\u00a0unsere individuelle Entwicklung und unser gesellschaftliches Zusammenleben ist unbestritten.\u00a0Die Pflege dieser kulturpolitischen Aufgabe\u00a0ben\u00f6tigt enthusiastische Protagonisten und eine Vision, die es zu erhalten und an die n\u00e4chste Generation weiterzugeben gilt. So \u00a0produzieren&#8230; <\/p>\n<p><a class=\"readmore\" href=\"https:\/\/conceptio.cc\/de\/education\/\">Read More<\/a><\/p>\n","protected":false},"author":2,"featured_media":0,"parent":0,"menu_order":4,"comment_status":"closed","ping_status":"closed","template":"","meta":[],"_links":{"self":[{"href":"https:\/\/conceptio.cc\/de\/wp-json\/wp\/v2\/pages\/5500"}],"collection":[{"href":"https:\/\/conceptio.cc\/de\/wp-json\/wp\/v2\/pages"}],"about":[{"href":"https:\/\/conceptio.cc\/de\/wp-json\/wp\/v2\/types\/page"}],"author":[{"embeddable":true,"href":"https:\/\/conceptio.cc\/de\/wp-json\/wp\/v2\/users\/2"}],"replies":[{"embeddable":true,"href":"https:\/\/conceptio.cc\/de\/wp-json\/wp\/v2\/comments?post=5500"}],"version-history":[{"count":15,"href":"https:\/\/conceptio.cc\/de\/wp-json\/wp\/v2\/pages\/5500\/revisions"}],"predecessor-version":[{"id":6084,"href":"https:\/\/conceptio.cc\/de\/wp-json\/wp\/v2\/pages\/5500\/revisions\/6084"}],"wp:attachment":[{"href":"https:\/\/conceptio.cc\/de\/wp-json\/wp\/v2\/media?parent=5500"}],"curies":[{"name":"wp","href":"https:\/\/api.w.org\/{rel}","templated":true}]}}